{"id":13916,"date":"2022-09-12T17:14:23","date_gmt":"2022-09-12T17:14:23","guid":{"rendered":"https:\/\/ivpsa.firmecreative.com\/accueil\/"},"modified":"2022-09-30T12:26:21","modified_gmt":"2022-09-30T12:26:21","slug":"accueil","status":"publish","type":"page","link":"https:\/\/present-es.com\/en\/","title":{"rendered":"Home"},"content":{"rendered":"\t\t<div data-elementor-type=\"wp-page\" data-elementor-id=\"13916\" class=\"elementor elementor-13916 elementor-6\">\n\t\t\t\t\t\t\t\t\t<section class=\"elementor-section elementor-top-section elementor-element elementor-element-40505c6 elementor-section-boxed elementor-section-height-default elementor-section-height-default qodef-backgound-letter-holder-no qodef-elementor-content-no\" data-id=\"40505c6\" data-element_type=\"section\">\n\t\t\t\t\t\t<div class=\"elementor-container elementor-column-gap-default\">\n\t\t\t\t\t<div class=\"elementor-column elementor-col-100 elementor-top-column elementor-element elementor-element-81de02d\" data-id=\"81de02d\" data-element_type=\"column\">\n\t\t\t<div class=\"elementor-widget-wrap elementor-element-populated\">\n\t\t\t\t\t\t\t\t<div class=\"elementor-element elementor-element-7664e2e elementor-widget elementor-widget-slider_revolution\" data-id=\"7664e2e\" data-element_type=\"widget\" data-widget_type=\"slider_revolution.default\">\n\t\t\t\t<div class=\"elementor-widget-container\">\n\t\t\t\n\t\t<div class=\"wp-block-themepunch-revslider\">\n\t\t\t<!-- START Slider hero EN REVOLUTION SLIDER 6.5.8 --><p class=\"rs-p-wp-fix\"><\/p>\n\t\t\t<rs-module-wrap id=\"rev_slider_1_1_wrapper\" data-source=\"gallery\" style=\"visibility:hidden;background:transparent;padding:0;\">\n\t\t\t\t<rs-module id=\"rev_slider_1_1\" style=\"\" data-version=\"6.5.8\">\n\t\t\t\t\t<rs-slides>\n\t\t\t\t\t\t<rs-slide style=\"position: absolute;\" data-key=\"rs-1\" data-title=\"Slide\" data-thumb=\"\/\/present-es.com\/wp-content\/uploads\/2022\/09\/IVPSA-h01-overlay-50x100.jpg\" data-in=\"o:0;\" data-out=\"a:false;\">\n\t\t\t\t\t\t\t<img decoding=\"async\" src=\"\/\/present-es.com\/wp-content\/plugins\/revslider\/public\/assets\/assets\/dummy.png\" alt=\"IVPSA Les Coureurs\" title=\"IVPSA Les Coureurs\" width=\"1440\" height=\"901\" class=\"rev-slidebg tp-rs-img rs-lazyload\" data-lazyload=\"\/\/present-es.com\/wp-content\/uploads\/2022\/09\/IVPSA-h01-overlay.jpg\" data-parallax=\"off\" data-no-retina>\n<!--\n\t\t\t\t\t\t\t--><rs-layer\n\t\t\t\t\t\t\t\tid=\"slider-1-slide-1-layer-1\" \n\t\t\t\t\t\t\t\tdata-type=\"text\"\n\t\t\t\t\t\t\t\tdata-xy=\"x:r;xo:5px;y:b;yo:10px;\"\n\t\t\t\t\t\t\t\tdata-text=\"w:normal;s:10;l:12;\"\n\t\t\t\t\t\t\t\tdata-basealign=\"slide\"\n\t\t\t\t\t\t\t\tdata-rsp_o=\"off\"\n\t\t\t\t\t\t\t\tdata-rsp_bd=\"off\"\n\t\t\t\t\t\t\t\tdata-frame_1=\"sp:2500;\"\n\t\t\t\t\t\t\t\tdata-frame_999=\"o:0;st:w;\"\n\t\t\t\t\t\t\t\tstyle=\"z-index:8;font-family:'Manrope';\"\n\t\t\t\t\t\t\t>Photo: Elizabeth Crispo \n\t\t\t\t\t\t\t<\/rs-layer><!--\n-->\t\t\t\t\t\t<\/rs-slide>\n\t\t\t\t\t\t<rs-slide style=\"position: absolute;\" data-key=\"rs-2\" data-title=\"Slide\" data-thumb=\"\/\/present-es.com\/wp-content\/uploads\/2022\/09\/IVPSA-h03-overlay-50x100.jpg\" data-in=\"o:0;\" data-out=\"a:false;\">\n\t\t\t\t\t\t\t<img decoding=\"async\" src=\"\/\/present-es.com\/wp-content\/plugins\/revslider\/public\/assets\/assets\/dummy.png\" alt=\"IVPSA La Chorale\" title=\"IVPSA La Chorale\" width=\"1440\" height=\"901\" class=\"rev-slidebg tp-rs-img rs-lazyload\" data-lazyload=\"\/\/present-es.com\/wp-content\/uploads\/2022\/09\/IVPSA-h03-overlay.jpg\" data-parallax=\"off\" data-no-retina>\n<!--\n\t\t\t\t\t\t\t--><rs-layer\n\t\t\t\t\t\t\t\tid=\"slider-1-slide-2-layer-2\" \n\t\t\t\t\t\t\t\tdata-type=\"text\"\n\t\t\t\t\t\t\t\tdata-xy=\"x:r;xo:5px;y:b;yo:10px;\"\n\t\t\t\t\t\t\t\tdata-text=\"w:normal;s:10;l:12;\"\n\t\t\t\t\t\t\t\tdata-basealign=\"slide\"\n\t\t\t\t\t\t\t\tdata-rsp_o=\"off\"\n\t\t\t\t\t\t\t\tdata-rsp_bd=\"off\"\n\t\t\t\t\t\t\t\tdata-frame_1=\"sp:1960;\"\n\t\t\t\t\t\t\t\tdata-frame_999=\"o:0;st:w;sR:540;\"\n\t\t\t\t\t\t\t\tstyle=\"z-index:9;font-family:'Manrope';\"\n\t\t\t\t\t\t\t>Photo: Elias Djemil-Matassov \n\t\t\t\t\t\t\t<\/rs-layer><!--\n-->\t\t\t\t\t\t<\/rs-slide>\n\t\t\t\t\t\t<rs-slide style=\"position: absolute;\" data-key=\"rs-3\" data-title=\"Slide\" data-thumb=\"\/\/present-es.com\/wp-content\/uploads\/2022\/09\/IVPSA-h02-overlay-50x100.jpg\" data-in=\"o:0;\" data-out=\"a:false;\">\n\t\t\t\t\t\t\t<img decoding=\"async\" src=\"\/\/present-es.com\/wp-content\/plugins\/revslider\/public\/assets\/assets\/dummy.png\" alt=\"IVPSA Le voilier\" title=\"IVPSA Le voilier\" width=\"1440\" height=\"901\" class=\"rev-slidebg tp-rs-img rs-lazyload\" data-lazyload=\"\/\/present-es.com\/wp-content\/uploads\/2022\/09\/IVPSA-h02-overlay.jpg\" data-parallax=\"off\" data-no-retina>\n<!--\n\t\t\t\t\t\t\t--><rs-layer\n\t\t\t\t\t\t\t\tid=\"slider-1-slide-3-layer-3\" \n\t\t\t\t\t\t\t\tdata-type=\"text\"\n\t\t\t\t\t\t\t\tdata-xy=\"x:r;xo:5px;y:b;yo:10px;\"\n\t\t\t\t\t\t\t\tdata-text=\"w:normal;s:10;l:12;\"\n\t\t\t\t\t\t\t\tdata-basealign=\"slide\"\n\t\t\t\t\t\t\t\tdata-rsp_o=\"off\"\n\t\t\t\t\t\t\t\tdata-rsp_bd=\"off\"\n\t\t\t\t\t\t\t\tdata-frame_1=\"sp:1980;\"\n\t\t\t\t\t\t\t\tdata-frame_999=\"o:0;st:w;sp:350;sR:520;\"\n\t\t\t\t\t\t\t\tstyle=\"z-index:8;font-family:'Manrope';\"\n\t\t\t\t\t\t\t>Photo: Elias Djemil-Matassov \n\t\t\t\t\t\t\t<\/rs-layer><!--\n-->\t\t\t\t\t\t<\/rs-slide>\n\t\t\t\t\t\t<rs-slide style=\"position: absolute;\" data-key=\"rs-7\" data-title=\"Slide\" data-thumb=\"\/\/present-es.com\/wp-content\/uploads\/2022\/09\/IVPSA-h04-overlay-50x100.jpg\" data-in=\"o:0;\" data-out=\"a:false;\">\n\t\t\t\t\t\t\t<img decoding=\"async\" src=\"\/\/present-es.com\/wp-content\/plugins\/revslider\/public\/assets\/assets\/dummy.png\" alt=\"IVPSA Les entrepreneuses\" title=\"IVPSA Les entrepreneuses\" width=\"1440\" height=\"901\" class=\"rev-slidebg tp-rs-img rs-lazyload\" data-lazyload=\"\/\/present-es.com\/wp-content\/uploads\/2022\/09\/IVPSA-h04-overlay.jpg\" data-parallax=\"off\" data-no-retina>\n<!--\n\t\t\t\t\t\t\t--><rs-layer\n\t\t\t\t\t\t\t\tid=\"slider-1-slide-7-layer-3\" \n\t\t\t\t\t\t\t\tdata-type=\"text\"\n\t\t\t\t\t\t\t\tdata-xy=\"x:r;xo:5px;y:b;yo:10px;\"\n\t\t\t\t\t\t\t\tdata-text=\"w:normal;s:10;l:12;\"\n\t\t\t\t\t\t\t\tdata-basealign=\"slide\"\n\t\t\t\t\t\t\t\tdata-rsp_o=\"off\"\n\t\t\t\t\t\t\t\tdata-rsp_bd=\"off\"\n\t\t\t\t\t\t\t\tdata-frame_1=\"sp:1980;\"\n\t\t\t\t\t\t\t\tdata-frame_999=\"o:0;st:w;sp:350;sR:520;\"\n\t\t\t\t\t\t\t\tstyle=\"z-index:8;font-family:'Manrope';\"\n\t\t\t\t\t\t\t>Photo: Elias Djemil-Matassov \n\t\t\t\t\t\t\t<\/rs-layer><!--\n-->\t\t\t\t\t\t<\/rs-slide>\n\t\t\t\t\t<\/rs-slides>\n\t\t\t\t\t<rs-static-layers><!--\n\n\t\t\t\t\t\t\t--><h1\n\t\t\t\t\t\t\t\tid=\"slider-1-slide-1-layer-0\" \n\t\t\t\t\t\t\t\tclass=\"rs-layer text-hero rs-layer-static\"\n\t\t\t\t\t\t\t\tdata-type=\"text\"\n\t\t\t\t\t\t\t\tdata-xy=\"x:c;y:m;yo:150px;\"\n\t\t\t\t\t\t\t\tdata-text=\"w:normal;s:26;l:36;a:center;\"\n\t\t\t\t\t\t\t\tdata-dim=\"w:100%;\"\n\t\t\t\t\t\t\t\tdata-basealign=\"slide\"\n\t\t\t\t\t\t\t\tdata-rsp_o=\"off\"\n\t\t\t\t\t\t\t\tdata-rsp_bd=\"off\"\n\t\t\t\t\t\t\t\tdata-onslides=\"s:1;\"\n\t\t\t\t\t\t\t\tdata-frame_0=\"y:50;\"\n\t\t\t\t\t\t\t\tdata-frame_1=\"st:600;sp:1000;\"\n\t\t\t\t\t\t\t\tdata-frame_999=\"o:0;st:2500;\"\n\t\t\t\t\t\t\t\tstyle=\"z-index:9;font-family:'Manrope';@media (max-width:768px) { font-size: 22px;\"\n\t\t\t\t\t\t\t>We only grow old once, <br \/>\nlet\u2019s take the time to be together \n\t\t\t\t\t\t\t<\/h1><!--\n\n\t\t\t\t\t\t\t--><rs-layer\n\t\t\t\t\t\t\t\tid=\"slider-1-slide-1-layer-8\" \n\t\t\t\t\t\t\t\tclass=\"rs-layer-static\"\n\t\t\t\t\t\t\t\tdata-type=\"image\"\n\t\t\t\t\t\t\t\tdata-xy=\"x:c;y:m;\"\n\t\t\t\t\t\t\t\tdata-text=\"w:normal;s:20,16,8,4;l:0,21,11,6;\"\n\t\t\t\t\t\t\t\tdata-dim=\"w:['75%','75%','75%','75%'];\"\n\t\t\t\t\t\t\t\tdata-basealign=\"slide\"\n\t\t\t\t\t\t\t\tdata-rsp_o=\"off\"\n\t\t\t\t\t\t\t\tdata-rsp_bd=\"off\"\n\t\t\t\t\t\t\t\tdata-onslides=\"s:1;\"\n\t\t\t\t\t\t\t\tdata-frame_0=\"y:50;\"\n\t\t\t\t\t\t\t\tdata-frame_1=\"x:1px,0px,0px,0px;sp:1000;\"\n\t\t\t\t\t\t\t\tdata-frame_999=\"o:0;st:2500;\"\n\t\t\t\t\t\t\t\tstyle=\"z-index:10;\"\n\t\t\t\t\t\t\t><img decoding=\"async\" src=\"\/\/present-es.com\/wp-content\/plugins\/revslider\/public\/assets\/assets\/dummy.png\" class=\"tp-rs-img rs-lazyload\" width=\"2205\" height=\"224\" data-lazyload=\"\/\/present-es.com\/wp-content\/uploads\/2022\/09\/2-logo-hero-ivpsa2x.png\" data-no-retina> \n\t\t\t\t\t\t\t<\/rs-layer><!--\n\t\t\t\t\t--><\/rs-static-layers>\n\t\t\t\t<\/rs-module>\n\t\t\t\t<script type=\"text\/javascript\">\n\t\t\t\t\tsetREVStartSize({c: 'rev_slider_1_1',rl:[1240,1024,778,480],el:[900,768,960,720],gw:[1300,1100,600,300],gh:[900,768,960,720],type:'standard',justify:'',layout:'fullscreen',offsetContainer:'#qodef-page-header',offset:'0px',mh:\"560px\"});if (window.RS_MODULES!==undefined && window.RS_MODULES.modules!==undefined && window.RS_MODULES.modules[\"revslider11\"]!==undefined) {window.RS_MODULES.modules[\"revslider11\"].once = false;window.revapi1 = undefined;if (window.RS_MODULES.checkMinimal!==undefined) window.RS_MODULES.checkMinimal()}\n\t\t\t\t<\/script>\n\t\t\t<\/rs-module-wrap>\n\t\t\t<!-- END REVOLUTION SLIDER -->\n<\/div>\n\n\t\t\t\t<\/div>\n\t\t\t\t<\/div>\n\t\t\t\t\t<\/div>\n\t\t<\/div>\n\t\t\t\t\t\t\t<\/div>\n\t\t<\/section>\n\t\t\t\t<section class=\"elementor-section elementor-top-section elementor-element elementor-element-63d3bb56 elementor-section-full_width text-2-cols elementor-section-height-default elementor-section-height-default qodef-backgound-letter-holder-no qodef-elementor-content-no\" data-id=\"63d3bb56\" data-element_type=\"section\" data-settings=\"{&quot;background_background&quot;:&quot;classic&quot;}\">\n\t\t\t\t\t\t<div class=\"elementor-container elementor-column-gap-default\">\n\t\t\t\t\t<div class=\"elementor-column elementor-col-50 elementor-top-column elementor-element elementor-element-4618ed82\" data-id=\"4618ed82\" data-element_type=\"column\">\n\t\t\t<div class=\"elementor-widget-wrap elementor-element-populated\">\n\t\t\t\t\t\t\t\t<div class=\"elementor-element elementor-element-1ff7d354 elementor-widget__width-initial elementor-widget elementor-widget-laurits_core_section_title\" data-id=\"1ff7d354\" data-element_type=\"widget\" data-widget_type=\"laurits_core_section_title.default\">\n\t\t\t\t<div class=\"elementor-widget-container\">\n\t\t\t<div class=\"qodef-shortcode qodef-m  qodef-section-title qodef-alignment--left  qodef-appear-animation--no \">\n\t\t<span class=\"qodef-m-tagline\" >Pr\u00e9sent.es<\/span>\n\t\t<h2 class=\"qodef-m-title\" style=\"color: #FFFFFF;margin-top: 20px\">\n\t\t\t\t\tA documentary series on the richness of intergenerational relations\t\t\t<\/h2>\n\t\t\t<div class=\"qodef-m-button\">\n\t\t\t<\/div>\n<\/div>\n\t\t<\/div>\n\t\t\t\t<\/div>\n\t\t\t\t\t<\/div>\n\t\t<\/div>\n\t\t\t\t<div class=\"elementor-column elementor-col-50 elementor-top-column elementor-element elementor-element-1c10c1ef\" data-id=\"1c10c1ef\" data-element_type=\"column\">\n\t\t\t<div class=\"elementor-widget-wrap elementor-element-populated\">\n\t\t\t\t\t\t\t\t<div class=\"elementor-element elementor-element-7a937bc2 elementor-view-default elementor-widget elementor-widget-icon\" data-id=\"7a937bc2\" data-element_type=\"widget\" data-widget_type=\"icon.default\">\n\t\t\t\t<div class=\"elementor-widget-container\">\n\t\t\t\t\t<div class=\"elementor-icon-wrapper\">\n\t\t\t<div class=\"elementor-icon\">\n\t\t\t<svg xmlns=\"http:\/\/www.w3.org\/2000\/svg\" width=\"14\" height=\"14\" viewBox=\"0 0 14 14\"><circle id=\"Ellipse_1\" data-name=\"Ellipse 1\" cx=\"7\" cy=\"7\" r=\"7\" fill=\"#e9f24f\"><\/circle><\/svg>\t\t\t<\/div>\n\t\t<\/div>\n\t\t\t\t<\/div>\n\t\t\t\t<\/div>\n\t\t\t\t<div class=\"elementor-element elementor-element-64dd9b5 elementor-widget elementor-widget-laurits_core_section_title\" data-id=\"64dd9b5\" data-element_type=\"widget\" data-widget_type=\"laurits_core_section_title.default\">\n\t\t\t\t<div class=\"elementor-widget-container\">\n\t\t\t<div class=\"qodef-shortcode qodef-m  qodef-section-title qodef-alignment--left  qodef-appear-animation--no \">\n\t\t\t<h6 class=\"qodef-m-title\" style=\"color: #FFFFFF\">\n\t\t\t\t\tFostering intergenerational relationships is one of the best ways to harness the full potential of seniors and reduce ageism. Discover inspiring stories that highlight intergenerational encounters in Quebec City.\t\t\t<\/h6>\n\t\t\t<div class=\"qodef-m-button\">\n\t\t\t<\/div>\n<\/div>\n\t\t<\/div>\n\t\t\t\t<\/div>\n\t\t\t\t\t<\/div>\n\t\t<\/div>\n\t\t\t\t\t\t\t<\/div>\n\t\t<\/section>\n\t\t\t\t<section class=\"elementor-section elementor-top-section elementor-element elementor-element-66d18d05 elementor-section-full_width elementor-section-height-min-height elementor-section-items-stretch elementor-section-height-default qodef-backgound-letter-holder-no qodef-elementor-content-no\" data-id=\"66d18d05\" data-element_type=\"section\" id=\"episode-1\" data-settings=\"{&quot;background_background&quot;:&quot;classic&quot;}\">\n\t\t\t\t\t\t<div class=\"elementor-container elementor-column-gap-default\">\n\t\t\t\t\t<div class=\"elementor-column elementor-col-50 elementor-top-column elementor-element elementor-element-11bbcd8e video-col\" data-id=\"11bbcd8e\" data-element_type=\"column\" data-settings=\"{&quot;background_background&quot;:&quot;classic&quot;}\">\n\t\t\t<div class=\"elementor-widget-wrap elementor-element-populated\">\n\t\t\t\t\t\t\t\t<div class=\"elementor-element elementor-element-4c3a59c4 elementor-widget__width-auto elementor-widget elementor-widget-laurits_core_video_button\" data-id=\"4c3a59c4\" data-element_type=\"widget\" data-widget_type=\"laurits_core_video_button.default\">\n\t\t\t\t<div class=\"elementor-widget-container\">\n\t\t\t<div class=\"qodef-shortcode qodef-m  qodef-video-button qodef--has-img qodef-zoom-scroll-animation--yes\" style=\"height: 638px\">\n\t\t<div class=\"qodef-m-image\">\n\t\t<img decoding=\"async\" width=\"1358\" height=\"1508\" src=\"https:\/\/present-es.com\/wp-content\/uploads\/2022\/09\/thumbnail-video-chorale.jpg\" class=\"attachment-full size-full\" alt=\"\" srcset=\"https:\/\/present-es.com\/wp-content\/uploads\/2022\/09\/thumbnail-video-chorale.jpg 1358w, https:\/\/present-es.com\/wp-content\/uploads\/2022\/09\/thumbnail-video-chorale-270x300.jpg 270w, https:\/\/present-es.com\/wp-content\/uploads\/2022\/09\/thumbnail-video-chorale-922x1024.jpg 922w, https:\/\/present-es.com\/wp-content\/uploads\/2022\/09\/thumbnail-video-chorale-768x853.jpg 768w\" sizes=\"(max-width: 1358px) 100vw, 1358px\" \/>\t<\/div>\n\t\t<a itemprop=\"url\" class=\"qodef-m-play qodef-magnific-popup qodef-popup-item\" style=\"color: #000000\" href=\"https:\/\/www.youtube.com\/watch?v=2JAYiKaJqns\" data-type=\"iframe\">\n\t\t<div class=\"qodef-play-holder\">\n\t\t\t<span class=\"qodef-m-play-inner\">\n\t\t\t\tPlay\t\t\t<\/span>\n\t\t<\/div>\n\t<\/a>\n<\/div>\n\t\t<\/div>\n\t\t\t\t<\/div>\n\t\t\t\t<div class=\"elementor-element elementor-element-5252b373 elementor-widget elementor-widget-heading\" data-id=\"5252b373\" data-element_type=\"widget\" data-widget_type=\"heading.default\">\n\t\t\t\t<div class=\"elementor-widget-container\">\n\t\t\t<style>\/*! elementor - v3.16.0 - 09-10-2023 *\/\n.elementor-heading-title{padding:0;margin:0;line-height:1}.elementor-widget-heading .elementor-heading-title[class*=elementor-size-]>a{color:inherit;font-size:inherit;line-height:inherit}.elementor-widget-heading .elementor-heading-title.elementor-size-small{font-size:15px}.elementor-widget-heading .elementor-heading-title.elementor-size-medium{font-size:19px}.elementor-widget-heading .elementor-heading-title.elementor-size-large{font-size:29px}.elementor-widget-heading .elementor-heading-title.elementor-size-xl{font-size:39px}.elementor-widget-heading .elementor-heading-title.elementor-size-xxl{font-size:59px}<\/style><p class=\"elementor-heading-title elementor-size-small\">Photo: Elias Djemil-Matassov<\/p>\t\t<\/div>\n\t\t\t\t<\/div>\n\t\t\t\t<div class=\"elementor-element elementor-element-371b7917 elementor-widget elementor-widget-laurits_core_section_title\" data-id=\"371b7917\" data-element_type=\"widget\" data-widget_type=\"laurits_core_section_title.default\">\n\t\t\t\t<div class=\"elementor-widget-container\">\n\t\t\t<div class=\"qodef-shortcode qodef-m  qodef-section-title qodef-alignment--left  qodef-appear-animation--no \">\n\t\t<span class=\"qodef-m-tagline\" >Episode 1 \u00b7 The choir<\/span>\n\t\t<p class=\"qodef-m-title\" style=\"color: #000000\">\n\t\t\t\t\tEvery Wednesday afternoon, <em>Les voix de la vie<\/em>  choir meets in the St-Roch district to sing, create, chat, but above all, have fun! Step into one of their practices.\t\t\t<\/p>\n\t\t\t<div class=\"qodef-m-button\">\n\t\t\t<\/div>\n<\/div>\n\t\t<\/div>\n\t\t\t\t<\/div>\n\t\t\t\t<div class=\"elementor-element elementor-element-5a40e979 elementor-widget elementor-widget-html\" data-id=\"5a40e979\" data-element_type=\"widget\" data-widget_type=\"html.default\">\n\t\t\t\t<div class=\"elementor-widget-container\">\n\t\t\t<div class=\"fb-share-button\"><a target=\"_blank\" href=\"https:\/\/www.facebook.com\/sharer\/sharer.php?u=https:\/\/youtu.be\/2JAYiKaJqns\">Share this story<\/a><\/div>\t\t<\/div>\n\t\t\t\t<\/div>\n\t\t\t\t<section class=\"elementor-section elementor-inner-section elementor-element elementor-element-5e012077 credits-video elementor-section-boxed elementor-section-height-default elementor-section-height-default qodef-backgound-letter-holder-no qodef-elementor-content-no\" data-id=\"5e012077\" data-element_type=\"section\">\n\t\t\t\t\t\t<div class=\"elementor-container elementor-column-gap-default\">\n\t\t\t\t\t<div class=\"elementor-column elementor-col-50 elementor-inner-column elementor-element elementor-element-4fd79348\" data-id=\"4fd79348\" data-element_type=\"column\">\n\t\t\t<div class=\"elementor-widget-wrap elementor-element-populated\">\n\t\t\t\t\t\t\t\t<div class=\"elementor-element elementor-element-23394180 p-xs elementor-widget elementor-widget-heading\" data-id=\"23394180\" data-element_type=\"widget\" data-widget_type=\"heading.default\">\n\t\t\t\t<div class=\"elementor-widget-container\">\n\t\t\t<p class=\"elementor-heading-title elementor-size-default\">Featuring the choir Les voix de la vie of Pech-Sherpa organization<\/p>\t\t<\/div>\n\t\t\t\t<\/div>\n\t\t\t\t\t<\/div>\n\t\t<\/div>\n\t\t\t\t<div class=\"elementor-column elementor-col-50 elementor-inner-column elementor-element elementor-element-78cba84\" data-id=\"78cba84\" data-element_type=\"column\">\n\t\t\t<div class=\"elementor-widget-wrap elementor-element-populated\">\n\t\t\t\t\t\t\t\t<div class=\"elementor-element elementor-element-11a8f428 p-xs elementor-widget elementor-widget-heading\" data-id=\"11a8f428\" data-element_type=\"widget\" data-widget_type=\"heading.default\">\n\t\t\t\t<div class=\"elementor-widget-container\">\n\t\t\t<p class=\"elementor-heading-title elementor-size-default\">Directed and edited by Elias Djemil-Matassov\n<br>\nAdditional images by Nelly Paquentin\n<br>\nCoordination by Marie-Claude Savoie\n<br>\nAudio mixing by Mathieu Gr\u00e9goire<\/p>\t\t<\/div>\n\t\t\t\t<\/div>\n\t\t\t\t\t<\/div>\n\t\t<\/div>\n\t\t\t\t\t\t\t<\/div>\n\t\t<\/section>\n\t\t\t\t\t<\/div>\n\t\t<\/div>\n\t\t\t\t<div class=\"elementor-column elementor-col-50 elementor-top-column elementor-element elementor-element-1b972f32\" data-id=\"1b972f32\" data-element_type=\"column\" data-settings=\"{&quot;background_background&quot;:&quot;classic&quot;}\">\n\t\t\t<div class=\"elementor-widget-wrap elementor-element-populated\">\n\t\t\t\t\t\t\t\t<div class=\"elementor-element elementor-element-5ba6ae3d elementor-widget elementor-widget-laurits_core_section_title\" data-id=\"5ba6ae3d\" data-element_type=\"widget\" data-widget_type=\"laurits_core_section_title.default\">\n\t\t\t\t<div class=\"elementor-widget-container\">\n\t\t\t<div class=\"qodef-shortcode qodef-m  qodef-section-title qodef-alignment--left  qodef-appear-animation--no \">\n\t\t\t<h3 class=\"qodef-m-title\" style=\"color: #FFFFFF\">\n\t\t\t\t\tWhy intergenerational relationships?\t\t\t<\/h3>\n\t\t<p class=\"qodef-m-title-text\" style=\"margin-top: 30px;color: #FFFFFF\">Seniors contribute to all areas of our lives, whether it be in culture, community life, politics, work or recreation. The documentary series Pr\u00e9sent.es aims to raise awareness and change our perceptions of aging.<\/p>\n\t\t<div class=\"qodef-m-button\">\n\t\t\t<\/div>\n<\/div>\n\t\t<\/div>\n\t\t\t\t<\/div>\n\t\t\t\t<div class=\"elementor-element elementor-element-12a8bc9b elementor-widget elementor-widget-laurits_core_section_title\" data-id=\"12a8bc9b\" data-element_type=\"widget\" data-widget_type=\"laurits_core_section_title.default\">\n\t\t\t\t<div class=\"elementor-widget-container\">\n\t\t\t<div class=\"qodef-shortcode qodef-m  qodef-section-title qodef-alignment--left  qodef-appear-animation--no \">\n\t\t\t<h3 class=\"qodef-m-title\" style=\"color: #FFFFFF\">\n\t\t\t\t\tA practice to be valued\t\t\t<\/h3>\n\t\t<p class=\"qodef-m-title-text\" style=\"margin-top: 30px;color: #FFFFFF\">Intergenerational relationships, while often overlooked, are mutually beneficial for people of all ages. We believe that by showcasing stories that reflect their richness, we can open a dialogue that will change social norms and break down stereotypes that limit the participation of seniors in different spheres of society.<\/p>\n\t\t<div class=\"qodef-m-button\">\n\t\t\t<\/div>\n<\/div>\n\t\t<\/div>\n\t\t\t\t<\/div>\n\t\t\t\t\t<\/div>\n\t\t<\/div>\n\t\t\t\t\t\t\t<\/div>\n\t\t<\/section>\n\t\t\t\t<section class=\"elementor-section elementor-top-section elementor-element elementor-element-48a60cad elementor-section-full_width text-2-cols elementor-section-height-default elementor-section-height-default qodef-backgound-letter-holder-no qodef-elementor-content-no\" data-id=\"48a60cad\" data-element_type=\"section\" data-settings=\"{&quot;background_background&quot;:&quot;classic&quot;}\">\n\t\t\t\t\t\t<div class=\"elementor-container elementor-column-gap-default\">\n\t\t\t\t\t<div class=\"elementor-column elementor-col-50 elementor-top-column elementor-element elementor-element-11e30f69\" data-id=\"11e30f69\" data-element_type=\"column\">\n\t\t\t<div class=\"elementor-widget-wrap elementor-element-populated\">\n\t\t\t\t\t\t\t\t<div class=\"elementor-element elementor-element-4861ae41 elementor-widget__width-initial elementor-widget elementor-widget-laurits_core_section_title\" data-id=\"4861ae41\" data-element_type=\"widget\" data-widget_type=\"laurits_core_section_title.default\">\n\t\t\t\t<div class=\"elementor-widget-container\">\n\t\t\t<div class=\"qodef-shortcode qodef-m  qodef-section-title qodef-alignment--left  qodef-appear-animation--no \">\n\t\t<span class=\"qodef-m-tagline\" >Pr\u00e9sent.es<\/span>\n\t\t<h2 class=\"qodef-m-title\" style=\"color: #FFFFFF;margin-top: 20px\">\n\t\t\t\t\tTogether against ageism\t\t\t<\/h2>\n\t\t\t<div class=\"qodef-m-button\">\n\t\t\t<\/div>\n<\/div>\n\t\t<\/div>\n\t\t\t\t<\/div>\n\t\t\t\t\t<\/div>\n\t\t<\/div>\n\t\t\t\t<div class=\"elementor-column elementor-col-50 elementor-top-column elementor-element elementor-element-2b4d4543\" data-id=\"2b4d4543\" data-element_type=\"column\">\n\t\t\t<div class=\"elementor-widget-wrap elementor-element-populated\">\n\t\t\t\t\t\t\t\t<div class=\"elementor-element elementor-element-2d523823 elementor-view-default elementor-widget elementor-widget-icon\" data-id=\"2d523823\" data-element_type=\"widget\" data-widget_type=\"icon.default\">\n\t\t\t\t<div class=\"elementor-widget-container\">\n\t\t\t\t\t<div class=\"elementor-icon-wrapper\">\n\t\t\t<div class=\"elementor-icon\">\n\t\t\t<svg xmlns=\"http:\/\/www.w3.org\/2000\/svg\" width=\"14\" height=\"14\" viewBox=\"0 0 14 14\"><circle id=\"Ellipse_1\" data-name=\"Ellipse 1\" cx=\"7\" cy=\"7\" r=\"7\" fill=\"#e9f24f\"><\/circle><\/svg>\t\t\t<\/div>\n\t\t<\/div>\n\t\t\t\t<\/div>\n\t\t\t\t<\/div>\n\t\t\t\t<div class=\"elementor-element elementor-element-467bb2f6 elementor-widget elementor-widget-laurits_core_section_title\" data-id=\"467bb2f6\" data-element_type=\"widget\" data-widget_type=\"laurits_core_section_title.default\">\n\t\t\t\t<div class=\"elementor-widget-container\">\n\t\t\t<div class=\"qodef-shortcode qodef-m  qodef-section-title qodef-alignment--left  qodef-appear-animation--no \">\n\t\t\t<h6 class=\"qodef-m-title\" style=\"color: #FFFFFF\">\n\t\t\t\t\tFor the World Health Organization, \u201cageism refers to thoughts (stereotypes), feelings (prejudices) and behaviours (discrimination) towards others and ourselves according to age.\u201d\t\t\t<\/h6>\n\t\t\t<div class=\"qodef-m-button\">\n\t\t\t<\/div>\n<\/div>\n\t\t<\/div>\n\t\t\t\t<\/div>\n\t\t\t\t\t<\/div>\n\t\t<\/div>\n\t\t\t\t\t\t\t<\/div>\n\t\t<\/section>\n\t\t\t\t<section class=\"elementor-section elementor-top-section elementor-element elementor-element-56ca616f elementor-section-full_width elementor-section-height-min-height elementor-section-items-stretch elementor-section-height-default qodef-backgound-letter-holder-no qodef-elementor-content-no\" data-id=\"56ca616f\" data-element_type=\"section\" id=\"episode-2\" data-settings=\"{&quot;background_background&quot;:&quot;classic&quot;}\">\n\t\t\t\t\t\t<div class=\"elementor-container elementor-column-gap-default\">\n\t\t\t\t\t<div class=\"elementor-column elementor-col-50 elementor-top-column elementor-element elementor-element-2ea2ab09 video-col\" data-id=\"2ea2ab09\" data-element_type=\"column\" data-settings=\"{&quot;background_background&quot;:&quot;classic&quot;}\">\n\t\t\t<div class=\"elementor-widget-wrap elementor-element-populated\">\n\t\t\t\t\t\t\t\t<div class=\"elementor-element elementor-element-5060a116 elementor-widget__width-auto elementor-widget elementor-widget-laurits_core_video_button\" data-id=\"5060a116\" data-element_type=\"widget\" data-widget_type=\"laurits_core_video_button.default\">\n\t\t\t\t<div class=\"elementor-widget-container\">\n\t\t\t<div class=\"qodef-shortcode qodef-m  qodef-video-button qodef--has-img qodef-zoom-scroll-animation--yes\" style=\"height: 638px\">\n\t\t<div class=\"qodef-m-image\">\n\t\t<img decoding=\"async\" width=\"1358\" height=\"1508\" src=\"https:\/\/present-es.com\/wp-content\/uploads\/2022\/09\/thumbnail-video-voilier.jpg\" class=\"attachment-full size-full\" alt=\"Le voilier\" srcset=\"https:\/\/present-es.com\/wp-content\/uploads\/2022\/09\/thumbnail-video-voilier.jpg 1358w, https:\/\/present-es.com\/wp-content\/uploads\/2022\/09\/thumbnail-video-voilier-270x300.jpg 270w, https:\/\/present-es.com\/wp-content\/uploads\/2022\/09\/thumbnail-video-voilier-922x1024.jpg 922w, https:\/\/present-es.com\/wp-content\/uploads\/2022\/09\/thumbnail-video-voilier-768x853.jpg 768w\" sizes=\"(max-width: 1358px) 100vw, 1358px\" \/>\t<\/div>\n\t\t<a itemprop=\"url\" class=\"qodef-m-play qodef-magnific-popup qodef-popup-item\" style=\"color: #000000\" href=\"https:\/\/www.youtube.com\/watch?v=MqqegJzrWn0\" data-type=\"iframe\">\n\t\t<div class=\"qodef-play-holder\">\n\t\t\t<span class=\"qodef-m-play-inner\">\n\t\t\t\tPlay\t\t\t<\/span>\n\t\t<\/div>\n\t<\/a>\n<\/div>\n\t\t<\/div>\n\t\t\t\t<\/div>\n\t\t\t\t<div class=\"elementor-element elementor-element-3b181b3 elementor-widget elementor-widget-heading\" data-id=\"3b181b3\" data-element_type=\"widget\" data-widget_type=\"heading.default\">\n\t\t\t\t<div class=\"elementor-widget-container\">\n\t\t\t<p class=\"elementor-heading-title elementor-size-small\">Photo: Elias Djemil-Matassov<\/p>\t\t<\/div>\n\t\t\t\t<\/div>\n\t\t\t\t<div class=\"elementor-element elementor-element-170d396c elementor-widget elementor-widget-laurits_core_section_title\" data-id=\"170d396c\" data-element_type=\"widget\" data-widget_type=\"laurits_core_section_title.default\">\n\t\t\t\t<div class=\"elementor-widget-container\">\n\t\t\t<div class=\"qodef-shortcode qodef-m  qodef-section-title qodef-alignment--left  qodef-appear-animation--no \">\n\t\t<span class=\"qodef-m-tagline\" >Episode 2 \u00b7 The sailboat<\/span>\n\t\t<p class=\"qodef-m-title\" style=\"color: #000000\">\n\t\t\t\t\tMeet the <em>Artisans du Saint-Laurent<\/em>, a group of seniors who are passionate about sailing and young people from Quebec City re-entering the job market. Their challenge: build a wooden sailboat from A to Z.\t\t\t<\/p>\n\t\t\t<div class=\"qodef-m-button\">\n\t\t\t<\/div>\n<\/div>\n\t\t<\/div>\n\t\t\t\t<\/div>\n\t\t\t\t<div class=\"elementor-element elementor-element-5578df69 elementor-widget elementor-widget-html\" data-id=\"5578df69\" data-element_type=\"widget\" data-widget_type=\"html.default\">\n\t\t\t\t<div class=\"elementor-widget-container\">\n\t\t\t<div class=\"fb-share-button\"><a target=\"_blank\" href=\"https:\/\/www.facebook.com\/sharer\/sharer.php?u=https:\/\/youtu.be\/MqqegJzrWn0\">Share this story<\/a><\/div>\t\t<\/div>\n\t\t\t\t<\/div>\n\t\t\t\t<section class=\"elementor-section elementor-inner-section elementor-element elementor-element-4907b50 credits-video elementor-section-boxed elementor-section-height-default elementor-section-height-default qodef-backgound-letter-holder-no qodef-elementor-content-no\" data-id=\"4907b50\" data-element_type=\"section\">\n\t\t\t\t\t\t<div class=\"elementor-container elementor-column-gap-default\">\n\t\t\t\t\t<div class=\"elementor-column elementor-col-50 elementor-inner-column elementor-element elementor-element-7df395a9\" data-id=\"7df395a9\" data-element_type=\"column\">\n\t\t\t<div class=\"elementor-widget-wrap elementor-element-populated\">\n\t\t\t\t\t\t\t\t<div class=\"elementor-element elementor-element-4ccf3ef4 p-xs elementor-widget elementor-widget-heading\" data-id=\"4ccf3ef4\" data-element_type=\"widget\" data-widget_type=\"heading.default\">\n\t\t\t\t<div class=\"elementor-widget-container\">\n\t\t\t<p class=\"elementor-heading-title elementor-size-default\">Featuring the Artisans du Saint-Laurent team\n<\/p>\t\t<\/div>\n\t\t\t\t<\/div>\n\t\t\t\t\t<\/div>\n\t\t<\/div>\n\t\t\t\t<div class=\"elementor-column elementor-col-50 elementor-inner-column elementor-element elementor-element-4a084831\" data-id=\"4a084831\" data-element_type=\"column\">\n\t\t\t<div class=\"elementor-widget-wrap elementor-element-populated\">\n\t\t\t\t\t\t\t\t<div class=\"elementor-element elementor-element-5deae0fe p-xs elementor-widget elementor-widget-heading\" data-id=\"5deae0fe\" data-element_type=\"widget\" data-widget_type=\"heading.default\">\n\t\t\t\t<div class=\"elementor-widget-container\">\n\t\t\t<p class=\"elementor-heading-title elementor-size-default\">Directed and edited by Elias Djemil-Matassov<br>\nAdditional images by Nelly Paquentin<br>\nCoordination by Marie-Claude Savoie<br>\nAudio mixing by Mathieu Gr\u00e9goire<\/p>\t\t<\/div>\n\t\t\t\t<\/div>\n\t\t\t\t\t<\/div>\n\t\t<\/div>\n\t\t\t\t\t\t\t<\/div>\n\t\t<\/section>\n\t\t\t\t\t<\/div>\n\t\t<\/div>\n\t\t\t\t<div class=\"elementor-column elementor-col-50 elementor-top-column elementor-element elementor-element-38abf6c4\" data-id=\"38abf6c4\" data-element_type=\"column\" data-settings=\"{&quot;background_background&quot;:&quot;classic&quot;}\">\n\t\t\t<div class=\"elementor-widget-wrap elementor-element-populated\">\n\t\t\t\t\t\t\t\t<div class=\"elementor-element elementor-element-6fff959b elementor-widget elementor-widget-laurits_core_section_title\" data-id=\"6fff959b\" data-element_type=\"widget\" data-widget_type=\"laurits_core_section_title.default\">\n\t\t\t\t<div class=\"elementor-widget-container\">\n\t\t\t<div class=\"qodef-shortcode qodef-m  qodef-section-title qodef-alignment--left  qodef-appear-animation--no \">\n\t\t\t<h3 class=\"qodef-m-title\" style=\"color: #FFFFFF\">\n\t\t\t\t\tAn important issue\t\t\t<\/h3>\n\t\t<p class=\"qodef-m-title-text\" style=\"margin-top: 30px;color: #FFFFFF\">Ageism is rarely seen as a problem as important as other forms of discrimination, such as racism or sexism. Yet it is just as important. Ageism affects many seniors, impacts their health and is a barrier to their social participation. The aging of the population is rapid. This is particularly true in the greater Quebec City area, where the proportion of people aged 65 and over is estimated to increase to 27% by 2036.<\/p>\n\t\t<div class=\"qodef-m-button\">\n\t\t\t<\/div>\n<\/div>\n\t\t<\/div>\n\t\t\t\t<\/div>\n\t\t\t\t<div class=\"elementor-element elementor-element-521a0e45 elementor-widget elementor-widget-laurits_core_section_title\" data-id=\"521a0e45\" data-element_type=\"widget\" data-widget_type=\"laurits_core_section_title.default\">\n\t\t\t\t<div class=\"elementor-widget-container\">\n\t\t\t<div class=\"qodef-shortcode qodef-m  qodef-section-title qodef-alignment--left  qodef-appear-animation--no \">\n\t\t\t<h3 class=\"qodef-m-title\" style=\"color: #FFFFFF\">\n\t\t\t\t\tEveryone is getting older\t\t\t<\/h3>\n\t\t<p class=\"qodef-m-title-text\" style=\"margin-top: 30px;color: #FFFFFF\">Aging is a normal process of life and we all want to age well. Opening up the dialogue on the subject contributes in a positive way, both for seniors today and tomorrow.<\/p>\n\t\t<div class=\"qodef-m-button\">\n\t\t\t<\/div>\n<\/div>\n\t\t<\/div>\n\t\t\t\t<\/div>\n\t\t\t\t\t<\/div>\n\t\t<\/div>\n\t\t\t\t\t\t\t<\/div>\n\t\t<\/section>\n\t\t\t\t<section class=\"elementor-section elementor-top-section elementor-element elementor-element-52d7db1a elementor-section-full_width text-2-cols elementor-section-height-default elementor-section-height-default qodef-backgound-letter-holder-no qodef-elementor-content-no\" data-id=\"52d7db1a\" data-element_type=\"section\" data-settings=\"{&quot;background_background&quot;:&quot;classic&quot;}\">\n\t\t\t\t\t\t<div class=\"elementor-container elementor-column-gap-default\">\n\t\t\t\t\t<div class=\"elementor-column elementor-col-50 elementor-top-column elementor-element elementor-element-70fa3a28\" data-id=\"70fa3a28\" data-element_type=\"column\">\n\t\t\t<div class=\"elementor-widget-wrap elementor-element-populated\">\n\t\t\t\t\t\t\t\t<div class=\"elementor-element elementor-element-1c6f58b3 elementor-widget__width-initial elementor-widget elementor-widget-laurits_core_section_title\" data-id=\"1c6f58b3\" data-element_type=\"widget\" data-widget_type=\"laurits_core_section_title.default\">\n\t\t\t\t<div class=\"elementor-widget-container\">\n\t\t\t<div class=\"qodef-shortcode qodef-m  qodef-section-title qodef-alignment--left  qodef-appear-animation--no \">\n\t\t<span class=\"qodef-m-tagline\" >Pr\u00e9sent.es<\/span>\n\t\t<h2 class=\"qodef-m-title\" style=\"color: #FFFFFF;margin-top: 20px\">\n\t\t\t\t\tWorking together for seniors inclusion\t\t\t<\/h2>\n\t\t\t<div class=\"qodef-m-button\">\n\t\t\t<\/div>\n<\/div>\n\t\t<\/div>\n\t\t\t\t<\/div>\n\t\t\t\t\t<\/div>\n\t\t<\/div>\n\t\t\t\t<div class=\"elementor-column elementor-col-50 elementor-top-column elementor-element elementor-element-3bc3a7e6\" data-id=\"3bc3a7e6\" data-element_type=\"column\">\n\t\t\t<div class=\"elementor-widget-wrap elementor-element-populated\">\n\t\t\t\t\t\t\t\t<div class=\"elementor-element elementor-element-3aacd3 elementor-view-default elementor-widget elementor-widget-icon\" data-id=\"3aacd3\" data-element_type=\"widget\" data-widget_type=\"icon.default\">\n\t\t\t\t<div class=\"elementor-widget-container\">\n\t\t\t\t\t<div class=\"elementor-icon-wrapper\">\n\t\t\t<div class=\"elementor-icon\">\n\t\t\t<svg xmlns=\"http:\/\/www.w3.org\/2000\/svg\" width=\"14\" height=\"14\" viewBox=\"0 0 14 14\"><circle id=\"Ellipse_1\" data-name=\"Ellipse 1\" cx=\"7\" cy=\"7\" r=\"7\" fill=\"#e9f24f\"><\/circle><\/svg>\t\t\t<\/div>\n\t\t<\/div>\n\t\t\t\t<\/div>\n\t\t\t\t<\/div>\n\t\t\t\t<div class=\"elementor-element elementor-element-3f48f902 elementor-widget elementor-widget-laurits_core_section_title\" data-id=\"3f48f902\" data-element_type=\"widget\" data-widget_type=\"laurits_core_section_title.default\">\n\t\t\t\t<div class=\"elementor-widget-container\">\n\t\t\t<div class=\"qodef-shortcode qodef-m  qodef-section-title qodef-alignment--left  qodef-appear-animation--no \">\n\t\t\t<h6 class=\"qodef-m-title\" style=\"color: #FFFFFF\">\n\t\t\t\t\tSocial inclusion of seniors is defined as the ability to participate fully in, contribute to and benefit from all aspects of society.\t\t\t<\/h6>\n\t\t\t<div class=\"qodef-m-button\">\n\t\t\t<\/div>\n<\/div>\n\t\t<\/div>\n\t\t\t\t<\/div>\n\t\t\t\t\t<\/div>\n\t\t<\/div>\n\t\t\t\t\t\t\t<\/div>\n\t\t<\/section>\n\t\t\t\t<section class=\"elementor-section elementor-top-section elementor-element elementor-element-7f18404d elementor-section-full_width elementor-section-height-min-height elementor-section-items-stretch elementor-section-height-default qodef-backgound-letter-holder-no qodef-elementor-content-no\" data-id=\"7f18404d\" data-element_type=\"section\" id=\"episode-3\" data-settings=\"{&quot;background_background&quot;:&quot;classic&quot;}\">\n\t\t\t\t\t\t<div class=\"elementor-container elementor-column-gap-default\">\n\t\t\t\t\t<div class=\"elementor-column elementor-col-50 elementor-top-column elementor-element elementor-element-5b528711 video-col\" data-id=\"5b528711\" data-element_type=\"column\" id=\"episode-3\" data-settings=\"{&quot;background_background&quot;:&quot;classic&quot;}\">\n\t\t\t<div class=\"elementor-widget-wrap elementor-element-populated\">\n\t\t\t\t\t\t\t\t<div class=\"elementor-element elementor-element-2a472bdc elementor-widget__width-auto elementor-widget elementor-widget-laurits_core_video_button\" data-id=\"2a472bdc\" data-element_type=\"widget\" data-widget_type=\"laurits_core_video_button.default\">\n\t\t\t\t<div class=\"elementor-widget-container\">\n\t\t\t<div class=\"qodef-shortcode qodef-m coureurs qodef-video-button qodef--has-img qodef-zoom-scroll-animation--yes\" style=\"height: 638px\">\n\t\t<div class=\"qodef-m-image\">\n\t\t<img decoding=\"async\" width=\"1358\" height=\"1508\" src=\"https:\/\/present-es.com\/wp-content\/uploads\/2022\/09\/thumnail-video-coureurs.jpg\" class=\"attachment-full size-full\" alt=\"Les coureurs\" srcset=\"https:\/\/present-es.com\/wp-content\/uploads\/2022\/09\/thumnail-video-coureurs.jpg 1358w, https:\/\/present-es.com\/wp-content\/uploads\/2022\/09\/thumnail-video-coureurs-270x300.jpg 270w, https:\/\/present-es.com\/wp-content\/uploads\/2022\/09\/thumnail-video-coureurs-922x1024.jpg 922w, https:\/\/present-es.com\/wp-content\/uploads\/2022\/09\/thumnail-video-coureurs-768x853.jpg 768w\" sizes=\"(max-width: 1358px) 100vw, 1358px\" \/>\t<\/div>\n\t\t<a itemprop=\"url\" class=\"qodef-m-play qodef-magnific-popup qodef-popup-item\" style=\"color: #000000\" href=\"https:\/\/www.youtube.com\/watch?v=rpnGyPXFCaU\" data-type=\"iframe\">\n\t\t<div class=\"qodef-play-holder\">\n\t\t\t<span class=\"qodef-m-play-inner\">\n\t\t\t\tPlay\t\t\t<\/span>\n\t\t<\/div>\n\t<\/a>\n<\/div>\n\t\t<\/div>\n\t\t\t\t<\/div>\n\t\t\t\t<div class=\"elementor-element elementor-element-13d3f17f elementor-widget elementor-widget-heading\" data-id=\"13d3f17f\" data-element_type=\"widget\" data-widget_type=\"heading.default\">\n\t\t\t\t<div class=\"elementor-widget-container\">\n\t\t\t<p class=\"elementor-heading-title elementor-size-small\">Photo: Elias Djemil-Matassov<\/p>\t\t<\/div>\n\t\t\t\t<\/div>\n\t\t\t\t<div class=\"elementor-element elementor-element-a34ff elementor-widget elementor-widget-laurits_core_section_title\" data-id=\"a34ff\" data-element_type=\"widget\" data-widget_type=\"laurits_core_section_title.default\">\n\t\t\t\t<div class=\"elementor-widget-container\">\n\t\t\t<div class=\"qodef-shortcode qodef-m  qodef-section-title qodef-alignment--left  qodef-appear-animation--no \">\n\t\t<span class=\"qodef-m-tagline\" >Episode 3 \u00b7 The runners<\/span>\n\t\t<p class=\"qodef-m-title\" style=\"color: #000000\">\n\t\t\t\t\tIn the heart of Old Quebec, this proudly inclusive running club proves that surpassing oneself and being physically active are ageless.\t\t\t<\/p>\n\t\t\t<div class=\"qodef-m-button\">\n\t\t\t<\/div>\n<\/div>\n\t\t<\/div>\n\t\t\t\t<\/div>\n\t\t\t\t<div class=\"elementor-element elementor-element-206709e9 elementor-widget elementor-widget-html\" data-id=\"206709e9\" data-element_type=\"widget\" data-widget_type=\"html.default\">\n\t\t\t\t<div class=\"elementor-widget-container\">\n\t\t\t<div class=\"fb-share-button\"><a target=\"_blank\" href=\"https:\/\/www.facebook.com\/sharer\/sharer.php?u=https:\/\/youtu.be\/rpnGyPXFCaU\">Share this story<\/a><\/div>\t\t<\/div>\n\t\t\t\t<\/div>\n\t\t\t\t<section class=\"elementor-section elementor-inner-section elementor-element elementor-element-6db3e7e0 credits-video elementor-section-boxed elementor-section-height-default elementor-section-height-default qodef-backgound-letter-holder-no qodef-elementor-content-no\" data-id=\"6db3e7e0\" data-element_type=\"section\">\n\t\t\t\t\t\t<div class=\"elementor-container elementor-column-gap-default\">\n\t\t\t\t\t<div class=\"elementor-column elementor-col-50 elementor-inner-column elementor-element elementor-element-2a4e545a\" data-id=\"2a4e545a\" data-element_type=\"column\">\n\t\t\t<div class=\"elementor-widget-wrap elementor-element-populated\">\n\t\t\t\t\t\t\t\t<div class=\"elementor-element elementor-element-129c1d76 p-xs elementor-widget elementor-widget-heading\" data-id=\"129c1d76\" data-element_type=\"widget\" data-widget_type=\"heading.default\">\n\t\t\t\t<div class=\"elementor-widget-container\">\n\t\t\t<p class=\"elementor-heading-title elementor-size-default\">Featuring the racing club Les Grands G\u00e9ocoucous<\/p>\t\t<\/div>\n\t\t\t\t<\/div>\n\t\t\t\t\t<\/div>\n\t\t<\/div>\n\t\t\t\t<div class=\"elementor-column elementor-col-50 elementor-inner-column elementor-element elementor-element-508e6531\" data-id=\"508e6531\" data-element_type=\"column\">\n\t\t\t<div class=\"elementor-widget-wrap elementor-element-populated\">\n\t\t\t\t\t\t\t\t<div class=\"elementor-element elementor-element-214f5525 p-xs elementor-widget elementor-widget-heading\" data-id=\"214f5525\" data-element_type=\"widget\" data-widget_type=\"heading.default\">\n\t\t\t\t<div class=\"elementor-widget-container\">\n\t\t\t<p class=\"elementor-heading-title elementor-size-default\">Directed and edited by Elias Djemil-Matassov<br>\nAdditional images by Elizabeth Crispo<br>\nCoordination by Marie-Claude Savoie<br>\nAudio mixing by Mathieu Gr\u00e9goire<\/p>\t\t<\/div>\n\t\t\t\t<\/div>\n\t\t\t\t\t<\/div>\n\t\t<\/div>\n\t\t\t\t\t\t\t<\/div>\n\t\t<\/section>\n\t\t\t\t\t<\/div>\n\t\t<\/div>\n\t\t\t\t<div class=\"elementor-column elementor-col-50 elementor-top-column elementor-element elementor-element-768fe574\" data-id=\"768fe574\" data-element_type=\"column\" data-settings=\"{&quot;background_background&quot;:&quot;classic&quot;}\">\n\t\t\t<div class=\"elementor-widget-wrap elementor-element-populated\">\n\t\t\t\t\t\t\t\t<div class=\"elementor-element elementor-element-7fc76633 elementor-widget elementor-widget-laurits_core_section_title\" data-id=\"7fc76633\" data-element_type=\"widget\" data-widget_type=\"laurits_core_section_title.default\">\n\t\t\t\t<div class=\"elementor-widget-container\">\n\t\t\t<div class=\"qodef-shortcode qodef-m  qodef-section-title qodef-alignment--left  qodef-appear-animation--no \">\n\t\t\t<h3 class=\"qodef-m-title\" style=\"color: #FFFFFF\">\n\t\t\t\t\tA determinant of health\t\t\t<\/h3>\n\t\t<p class=\"qodef-m-title-text\" style=\"margin-top: 30px;color: #FFFFFF\">Social inclusion has an impact on physical and mental health. It also influences the maintenance or adoption of healthy lifestyle habits and has a strong impact on self-esteem. Working together against ageism promotes social inclusion and participation of seniors, reducing the risks of isolation and its negative consequences.<\/p>\n\t\t<div class=\"qodef-m-button\">\n\t\t\t<\/div>\n<\/div>\n\t\t<\/div>\n\t\t\t\t<\/div>\n\t\t\t\t<div class=\"elementor-element elementor-element-68eb8c46 elementor-widget elementor-widget-laurits_core_section_title\" data-id=\"68eb8c46\" data-element_type=\"widget\" data-widget_type=\"laurits_core_section_title.default\">\n\t\t\t\t<div class=\"elementor-widget-container\">\n\t\t\t<div class=\"qodef-shortcode qodef-m  qodef-section-title qodef-alignment--left  qodef-appear-animation--no \">\n\t\t\t<h3 class=\"qodef-m-title\" style=\"color: #FFFFFF\">\n\t\t\t\t\tWe all have a role to play\t\t\t<\/h3>\n\t\t<p class=\"qodef-m-title-text\" style=\"margin-top: 30px;color: #FFFFFF\">There are many ways to promote the social inclusion of seniors. Whether through volunteerism, social and recreational activities, or collectively, by prioritizing more inclusive living environments through transportation, digital literacy and outreach. Promoting intergenerational relationships is also a way to support social inclusion while reducing ageism.<\/p>\n\t\t<div class=\"qodef-m-button\">\n\t\t\t<\/div>\n<\/div>\n\t\t<\/div>\n\t\t\t\t<\/div>\n\t\t\t\t\t<\/div>\n\t\t<\/div>\n\t\t\t\t\t\t\t<\/div>\n\t\t<\/section>\n\t\t\t\t<section class=\"elementor-section elementor-top-section elementor-element elementor-element-58c27b7e elementor-section-full_width elementor-section-height-default elementor-section-height-default qodef-backgound-letter-holder-no qodef-elementor-content-no\" data-id=\"58c27b7e\" data-element_type=\"section\" id=\"episodes\" data-settings=\"{&quot;background_background&quot;:&quot;classic&quot;}\">\n\t\t\t\t\t\t<div class=\"elementor-container elementor-column-gap-default\">\n\t\t\t\t\t<div class=\"elementor-column elementor-col-50 elementor-top-column elementor-element elementor-element-30a14cdc\" data-id=\"30a14cdc\" data-element_type=\"column\">\n\t\t\t<div class=\"elementor-widget-wrap elementor-element-populated\">\n\t\t\t\t\t\t\t\t<div class=\"elementor-element elementor-element-2c55e9 elementor-widget__width-initial elementor-widget elementor-widget-laurits_core_section_title\" data-id=\"2c55e9\" data-element_type=\"widget\" data-widget_type=\"laurits_core_section_title.default\">\n\t\t\t\t<div class=\"elementor-widget-container\">\n\t\t\t<div class=\"qodef-shortcode qodef-m  qodef-section-title qodef-alignment--left  qodef-appear-animation--no \">\n\t\t<span class=\"qodef-m-tagline\" >The episodes<\/span>\n\t\t<h2 class=\"qodef-m-title\" style=\"color: #FFFFFF;margin-top: 20px\">\n\t\t\t\t\tFour inspiring intergenerational stories\t\t\t<\/h2>\n\t\t\t<div class=\"qodef-m-button\">\n\t\t\t<\/div>\n<\/div>\n\t\t<\/div>\n\t\t\t\t<\/div>\n\t\t\t\t\t<\/div>\n\t\t<\/div>\n\t\t\t\t<div class=\"elementor-column elementor-col-50 elementor-top-column elementor-element elementor-element-311d831e\" data-id=\"311d831e\" data-element_type=\"column\">\n\t\t\t<div class=\"elementor-widget-wrap\">\n\t\t\t\t\t\t\t\t\t<\/div>\n\t\t<\/div>\n\t\t\t\t\t\t\t<\/div>\n\t\t<\/section>\n\t\t\t\t<section class=\"elementor-section elementor-top-section elementor-element elementor-element-3c9a581d elementor-section-full_width elementor-section-height-min-height elementor-section-items-stretch elementor-section-height-default qodef-backgound-letter-holder-no qodef-elementor-content-no\" data-id=\"3c9a581d\" data-element_type=\"section\" id=\"episode-4\" data-settings=\"{&quot;background_background&quot;:&quot;classic&quot;}\">\n\t\t\t\t\t\t<div class=\"elementor-container elementor-column-gap-default\">\n\t\t\t\t\t<div class=\"elementor-column elementor-col-50 elementor-top-column elementor-element elementor-element-2bf855a6 video-col\" data-id=\"2bf855a6\" data-element_type=\"column\" data-settings=\"{&quot;background_background&quot;:&quot;classic&quot;}\">\n\t\t\t<div class=\"elementor-widget-wrap elementor-element-populated\">\n\t\t\t\t\t\t\t\t<div class=\"elementor-element elementor-element-284f987c elementor-widget__width-auto thumbnail-video-center elementor-widget elementor-widget-laurits_core_video_button\" data-id=\"284f987c\" data-element_type=\"widget\" data-widget_type=\"laurits_core_video_button.default\">\n\t\t\t\t<div class=\"elementor-widget-container\">\n\t\t\t<div class=\"qodef-shortcode qodef-m  qodef-video-button qodef--has-img qodef-zoom-scroll-animation--yes\" style=\"height: 754px\">\n\t\t<div class=\"qodef-m-image\">\n\t\t<img decoding=\"async\" width=\"1800\" height=\"2041\" src=\"https:\/\/present-es.com\/wp-content\/uploads\/2022\/09\/IVPSA-episode-4-entrepreneuses-2.jpg\" class=\"attachment-full size-full\" alt=\"Episode 4 les entrepreneuses\" srcset=\"https:\/\/present-es.com\/wp-content\/uploads\/2022\/09\/IVPSA-episode-4-entrepreneuses-2.jpg 1800w, https:\/\/present-es.com\/wp-content\/uploads\/2022\/09\/IVPSA-episode-4-entrepreneuses-2-265x300.jpg 265w, https:\/\/present-es.com\/wp-content\/uploads\/2022\/09\/IVPSA-episode-4-entrepreneuses-2-903x1024.jpg 903w, https:\/\/present-es.com\/wp-content\/uploads\/2022\/09\/IVPSA-episode-4-entrepreneuses-2-768x871.jpg 768w, https:\/\/present-es.com\/wp-content\/uploads\/2022\/09\/IVPSA-episode-4-entrepreneuses-2-1355x1536.jpg 1355w\" sizes=\"(max-width: 1800px) 100vw, 1800px\" \/>\t<\/div>\n\t\t<a itemprop=\"url\" class=\"qodef-m-play qodef-magnific-popup qodef-popup-item\" style=\"color: #000000\" href=\"https:\/\/www.youtube.com\/watch?v=OT2ke35EtIE\" data-type=\"iframe\">\n\t\t<div class=\"qodef-play-holder\">\n\t\t\t<span class=\"qodef-m-play-inner\">\n\t\t\t\tPlay\t\t\t<\/span>\n\t\t<\/div>\n\t<\/a>\n<\/div>\n\t\t<\/div>\n\t\t\t\t<\/div>\n\t\t\t\t<div class=\"elementor-element elementor-element-4b5d0639 elementor-widget elementor-widget-heading\" data-id=\"4b5d0639\" data-element_type=\"widget\" data-widget_type=\"heading.default\">\n\t\t\t\t<div class=\"elementor-widget-container\">\n\t\t\t<p class=\"elementor-heading-title elementor-size-small\">Photo: Elias Djemil-Matassov<\/p>\t\t<\/div>\n\t\t\t\t<\/div>\n\t\t\t\t\t<\/div>\n\t\t<\/div>\n\t\t\t\t<div class=\"elementor-column elementor-col-50 elementor-top-column elementor-element elementor-element-7a90f139\" data-id=\"7a90f139\" data-element_type=\"column\" data-settings=\"{&quot;background_background&quot;:&quot;classic&quot;}\">\n\t\t\t<div class=\"elementor-widget-wrap elementor-element-populated\">\n\t\t\t\t\t\t\t\t<div class=\"elementor-element elementor-element-3225be27 elementor-widget elementor-widget-laurits_core_section_title\" data-id=\"3225be27\" data-element_type=\"widget\" data-widget_type=\"laurits_core_section_title.default\">\n\t\t\t\t<div class=\"elementor-widget-container\">\n\t\t\t<div class=\"qodef-shortcode qodef-m  qodef-section-title qodef-alignment--left  qodef-appear-animation--no \">\n\t\t<span class=\"qodef-m-tagline\" >Episode 4<\/span>\n\t\t<h3 class=\"qodef-m-title\" style=\"color: #FFFFFF\">\n\t\t\t\t\tWomen entrepreneurs\t\t\t<\/h3>\n\t\t<p class=\"qodef-m-title-text\" style=\"margin-top: 30px;color: #FFFFFF\">Two generations of Wendat women use their know-how and love for the culture of their community to create a worldwide successful business.<\/p>\n\t\t<div class=\"qodef-m-button\">\n\t\t\t<\/div>\n<\/div>\n\t\t<\/div>\n\t\t\t\t<\/div>\n\t\t\t\t<div class=\"elementor-element elementor-element-a4fe476 btn-facebook-white elementor-widget elementor-widget-html\" data-id=\"a4fe476\" data-element_type=\"widget\" data-widget_type=\"html.default\">\n\t\t\t\t<div class=\"elementor-widget-container\">\n\t\t\t<div class=\"fb-share-button\"><a target=\"_blank\" href=\"https:\/\/www.facebook.com\/sharer\/sharer.php?u=https:\/\/youtu.be\/OT2ke35EtIE\">Share this story<\/a><\/div>\t\t<\/div>\n\t\t\t\t<\/div>\n\t\t\t\t<section class=\"elementor-section elementor-inner-section elementor-element elementor-element-0309641 credits-video-white elementor-section-boxed elementor-section-height-default elementor-section-height-default qodef-backgound-letter-holder-no qodef-elementor-content-no\" data-id=\"0309641\" data-element_type=\"section\">\n\t\t\t\t\t\t<div class=\"elementor-container elementor-column-gap-default\">\n\t\t\t\t\t<div class=\"elementor-column elementor-col-50 elementor-inner-column elementor-element elementor-element-0fccb4f\" data-id=\"0fccb4f\" data-element_type=\"column\">\n\t\t\t<div class=\"elementor-widget-wrap elementor-element-populated\">\n\t\t\t\t\t\t\t\t<div class=\"elementor-element elementor-element-315ba773 p-xs elementor-widget elementor-widget-heading\" data-id=\"315ba773\" data-element_type=\"widget\" data-widget_type=\"heading.default\">\n\t\t\t\t<div class=\"elementor-widget-container\">\n\t\t\t<p class=\"elementor-heading-title elementor-size-default\">Featuring a Wendat mother-daughter duo from the Onquata company<\/p>\t\t<\/div>\n\t\t\t\t<\/div>\n\t\t\t\t\t<\/div>\n\t\t<\/div>\n\t\t\t\t<div class=\"elementor-column elementor-col-50 elementor-inner-column elementor-element elementor-element-93de15e\" data-id=\"93de15e\" data-element_type=\"column\">\n\t\t\t<div class=\"elementor-widget-wrap elementor-element-populated\">\n\t\t\t\t\t\t\t\t<div class=\"elementor-element elementor-element-33accaa6 p-xs elementor-widget elementor-widget-heading\" data-id=\"33accaa6\" data-element_type=\"widget\" data-widget_type=\"heading.default\">\n\t\t\t\t<div class=\"elementor-widget-container\">\n\t\t\t<p class=\"elementor-heading-title elementor-size-default\">Directed and edited by Elias Djemil-Matassov<br>\nAdditional images by Elizabeth Crispo<br>\nCoordination by Marie-Claude Savoie<br>\nAudio mixing by Mathieu Gr\u00e9goire<\/p>\t\t<\/div>\n\t\t\t\t<\/div>\n\t\t\t\t\t<\/div>\n\t\t<\/div>\n\t\t\t\t\t\t\t<\/div>\n\t\t<\/section>\n\t\t\t\t\t<\/div>\n\t\t<\/div>\n\t\t\t\t\t\t\t<\/div>\n\t\t<\/section>\n\t\t\t\t<section class=\"elementor-section elementor-top-section elementor-element elementor-element-17e2a68 listing-videos elementor-section-full_width elementor-section-height-default elementor-section-height-default qodef-backgound-letter-holder-no qodef-elementor-content-no\" data-id=\"17e2a68\" data-element_type=\"section\">\n\t\t\t\t\t\t<div class=\"elementor-container elementor-column-gap-default\">\n\t\t\t\t\t<div class=\"elementor-column elementor-col-33 elementor-top-column elementor-element elementor-element-c0ef82e\" data-id=\"c0ef82e\" data-element_type=\"column\">\n\t\t\t<div class=\"elementor-widget-wrap elementor-element-populated\">\n\t\t\t\t\t\t\t\t<div class=\"elementor-element elementor-element-eabaafa elementor-widget elementor-widget-laurits_core_image_with_text\" data-id=\"eabaafa\" data-element_type=\"widget\" data-widget_type=\"laurits_core_image_with_text.default\">\n\t\t\t\t<div class=\"elementor-widget-container\">\n\t\t\t<div class=\"qodef-shortcode qodef-m  qodef-image-with-text qodef-layout--text-below qodef-image-action--custom-link  qodef-border--no qodef-content-align--left qodef-appear-animation--no \" data-appearing-delay=\"0\">\n\t<div class=\"qodef-m-image\">\n    \n\t\t\t<a itemprop=\"url\" href=\"https:\/\/www.youtube.com\/watch?v=2JAYiKaJqns\" target=\"_blank\">\n\t\n\t\t<img decoding=\"async\" width=\"1358\" height=\"1508\" src=\"https:\/\/present-es.com\/wp-content\/uploads\/2022\/09\/thumbnail-video-chorale.jpg\" class=\"attachment-full size-full\" alt=\"\" srcset=\"https:\/\/present-es.com\/wp-content\/uploads\/2022\/09\/thumbnail-video-chorale.jpg 1358w, https:\/\/present-es.com\/wp-content\/uploads\/2022\/09\/thumbnail-video-chorale-270x300.jpg 270w, https:\/\/present-es.com\/wp-content\/uploads\/2022\/09\/thumbnail-video-chorale-922x1024.jpg 922w, https:\/\/present-es.com\/wp-content\/uploads\/2022\/09\/thumbnail-video-chorale-768x853.jpg 768w\" sizes=\"(max-width: 1358px) 100vw, 1358px\" \/>\n            <\/a>\n    \n    \n<\/div>\n\t<div class=\"qodef-m-content\">\n\t\t\t<h4 class=\"qodef-m-title\" >\n\t\t\t\t\t<a itemprop=\"url\" href=\"https:\/\/www.youtube.com\/watch?v=2JAYiKaJqns\" target=\"_blank\">\n\t\t\t\t\tEpisode 1\t\t\t\t\t<\/a>\n\t\t\t<\/h4>\n\t\t\t\t\t<div class=\"qodef-m-button\">\n\t\t\t<\/div>\n\t\t\t<\/div>\n<\/div>\n\t\t<\/div>\n\t\t\t\t<\/div>\n\t\t\t\t<div class=\"elementor-element elementor-element-0da7d51 elementor-widget elementor-widget-laurits_core_section_title\" data-id=\"0da7d51\" data-element_type=\"widget\" data-widget_type=\"laurits_core_section_title.default\">\n\t\t\t\t<div class=\"elementor-widget-container\">\n\t\t\t<div class=\"qodef-shortcode qodef-m  qodef-section-title qodef-alignment--left  qodef-appear-animation--no \">\n\t\t\t<h5 class=\"qodef-m-title\" style=\"color: #FFFFFF;margin-top: 0px\">\n\t\t\t\t\tThe choir\t\t\t<\/h5>\n\t\t<p class=\"qodef-m-title-text\" style=\"margin-top: 5px;color: #FFFFFF\">Every Wednesday afternoon, Les voix de la vie choir meets in the St-Roch district to sing, create, chat, but above all, have fun! Step into one of their practices.<\/p>\n\t\t<div class=\"qodef-m-button\">\n\t\t\t<\/div>\n<\/div>\n\t\t<\/div>\n\t\t\t\t<\/div>\n\t\t\t\t\t<\/div>\n\t\t<\/div>\n\t\t\t\t<div class=\"elementor-column elementor-col-33 elementor-top-column elementor-element elementor-element-e730ab6\" data-id=\"e730ab6\" data-element_type=\"column\">\n\t\t\t<div class=\"elementor-widget-wrap elementor-element-populated\">\n\t\t\t\t\t\t\t\t<div class=\"elementor-element elementor-element-a60c35a elementor-widget elementor-widget-laurits_core_image_with_text\" data-id=\"a60c35a\" data-element_type=\"widget\" data-widget_type=\"laurits_core_image_with_text.default\">\n\t\t\t\t<div class=\"elementor-widget-container\">\n\t\t\t<div class=\"qodef-shortcode qodef-m  qodef-image-with-text qodef-layout--text-below qodef-image-action--custom-link  qodef-border--no qodef-content-align--left qodef-appear-animation--no \" data-appearing-delay=\"0\">\n\t<div class=\"qodef-m-image\">\n    \n\t\t\t<a itemprop=\"url\" href=\"https:\/\/www.youtube.com\/watch?v=MqqegJzrWn0\" target=\"_blank\">\n\t\n\t\t<img decoding=\"async\" width=\"1358\" height=\"1508\" src=\"https:\/\/present-es.com\/wp-content\/uploads\/2022\/09\/thumbnail-video-voilier.jpg\" class=\"attachment-full size-full\" alt=\"Le voilier\" srcset=\"https:\/\/present-es.com\/wp-content\/uploads\/2022\/09\/thumbnail-video-voilier.jpg 1358w, https:\/\/present-es.com\/wp-content\/uploads\/2022\/09\/thumbnail-video-voilier-270x300.jpg 270w, https:\/\/present-es.com\/wp-content\/uploads\/2022\/09\/thumbnail-video-voilier-922x1024.jpg 922w, https:\/\/present-es.com\/wp-content\/uploads\/2022\/09\/thumbnail-video-voilier-768x853.jpg 768w\" sizes=\"(max-width: 1358px) 100vw, 1358px\" \/>\n            <\/a>\n    \n    \n<\/div>\n\t<div class=\"qodef-m-content\">\n\t\t\t<h4 class=\"qodef-m-title\" >\n\t\t\t\t\t<a itemprop=\"url\" href=\"https:\/\/www.youtube.com\/watch?v=MqqegJzrWn0\" target=\"_blank\">\n\t\t\t\t\tEpisode 2\t\t\t\t\t<\/a>\n\t\t\t<\/h4>\n\t\t\t\t\t<div class=\"qodef-m-button\">\n\t\t\t<\/div>\n\t\t\t<\/div>\n<\/div>\n\t\t<\/div>\n\t\t\t\t<\/div>\n\t\t\t\t<div class=\"elementor-element elementor-element-1ca05eb elementor-widget elementor-widget-laurits_core_section_title\" data-id=\"1ca05eb\" data-element_type=\"widget\" data-widget_type=\"laurits_core_section_title.default\">\n\t\t\t\t<div class=\"elementor-widget-container\">\n\t\t\t<div class=\"qodef-shortcode qodef-m  qodef-section-title qodef-alignment--left  qodef-appear-animation--no \">\n\t\t\t<h5 class=\"qodef-m-title\" style=\"color: #FFFFFF;margin-top: 0px\">\n\t\t\t\t\tThe sailboat\t\t\t<\/h5>\n\t\t<p class=\"qodef-m-title-text\" style=\"margin-top: 5px;color: #FFFFFF\">Meet the Artisans du Saint-Laurent, a group of seniors who are passionate about sailing and young people from Quebec City re-entering the job market. Their challenge: build a wooden sailboat from A to Z.<\/p>\n\t\t<div class=\"qodef-m-button\">\n\t\t\t<\/div>\n<\/div>\n\t\t<\/div>\n\t\t\t\t<\/div>\n\t\t\t\t\t<\/div>\n\t\t<\/div>\n\t\t\t\t<div class=\"elementor-column elementor-col-33 elementor-top-column elementor-element elementor-element-9113846\" data-id=\"9113846\" data-element_type=\"column\">\n\t\t\t<div class=\"elementor-widget-wrap elementor-element-populated\">\n\t\t\t\t\t\t\t\t<div class=\"elementor-element elementor-element-4aafaac elementor-widget elementor-widget-laurits_core_image_with_text\" data-id=\"4aafaac\" data-element_type=\"widget\" data-widget_type=\"laurits_core_image_with_text.default\">\n\t\t\t\t<div class=\"elementor-widget-container\">\n\t\t\t<div class=\"qodef-shortcode qodef-m  qodef-image-with-text qodef-layout--text-below qodef-image-action--custom-link  qodef-border--no qodef-content-align--left qodef-appear-animation--no \" data-appearing-delay=\"0\">\n\t<div class=\"qodef-m-image\">\n    \n\t\t\t<a itemprop=\"url\" href=\"https:\/\/www.youtube.com\/watch?v=rpnGyPXFCaU\" target=\"_blank\">\n\t\n\t\t<img decoding=\"async\" width=\"1358\" height=\"1508\" src=\"https:\/\/present-es.com\/wp-content\/uploads\/2022\/09\/thumnail-video-coureurs.jpg\" class=\"attachment-full size-full\" alt=\"Les coureurs\" srcset=\"https:\/\/present-es.com\/wp-content\/uploads\/2022\/09\/thumnail-video-coureurs.jpg 1358w, https:\/\/present-es.com\/wp-content\/uploads\/2022\/09\/thumnail-video-coureurs-270x300.jpg 270w, https:\/\/present-es.com\/wp-content\/uploads\/2022\/09\/thumnail-video-coureurs-922x1024.jpg 922w, https:\/\/present-es.com\/wp-content\/uploads\/2022\/09\/thumnail-video-coureurs-768x853.jpg 768w\" sizes=\"(max-width: 1358px) 100vw, 1358px\" \/>\n            <\/a>\n    \n    \n<\/div>\n\t<div class=\"qodef-m-content\">\n\t\t\t<h4 class=\"qodef-m-title\" >\n\t\t\t\t\t<a itemprop=\"url\" href=\"https:\/\/www.youtube.com\/watch?v=rpnGyPXFCaU\" target=\"_blank\">\n\t\t\t\t\tEpisode 3\t\t\t\t\t<\/a>\n\t\t\t<\/h4>\n\t\t\t\t\t<div class=\"qodef-m-button\">\n\t\t\t<\/div>\n\t\t\t<\/div>\n<\/div>\n\t\t<\/div>\n\t\t\t\t<\/div>\n\t\t\t\t<div class=\"elementor-element elementor-element-85d75cb elementor-widget elementor-widget-laurits_core_section_title\" data-id=\"85d75cb\" data-element_type=\"widget\" data-widget_type=\"laurits_core_section_title.default\">\n\t\t\t\t<div class=\"elementor-widget-container\">\n\t\t\t<div class=\"qodef-shortcode qodef-m  qodef-section-title qodef-alignment--left  qodef-appear-animation--no \">\n\t\t\t<h5 class=\"qodef-m-title\" style=\"color: #FFFFFF;margin-top: 0px\">\n\t\t\t\t\tThe runners\t\t\t<\/h5>\n\t\t<p class=\"qodef-m-title-text\" style=\"margin-top: 5px;color: #FFFFFF\">In the heart of Old Quebec, this proudly inclusive running club proves that surpassing oneself and being physically active are ageless.<\/p>\n\t\t<div class=\"qodef-m-button\">\n\t\t\t<\/div>\n<\/div>\n\t\t<\/div>\n\t\t\t\t<\/div>\n\t\t\t\t\t<\/div>\n\t\t<\/div>\n\t\t\t\t\t\t\t<\/div>\n\t\t<\/section>\n\t\t\t\t<section class=\"elementor-section elementor-top-section elementor-element elementor-element-5a2ef9cc elementor-section-full_width text-2-cols--initiative elementor-section-height-default elementor-section-height-default qodef-backgound-letter-holder-no qodef-elementor-content-no\" data-id=\"5a2ef9cc\" data-element_type=\"section\" data-settings=\"{&quot;background_background&quot;:&quot;classic&quot;}\">\n\t\t\t\t\t\t<div class=\"elementor-container elementor-column-gap-default\">\n\t\t\t\t\t<div class=\"elementor-column elementor-col-50 elementor-top-column elementor-element elementor-element-10c99824\" data-id=\"10c99824\" data-element_type=\"column\" id=\"initiative\">\n\t\t\t<div class=\"elementor-widget-wrap elementor-element-populated\">\n\t\t\t\t\t\t\t\t<div class=\"elementor-element elementor-element-74bf3398 elementor-widget__width-initial elementor-widget elementor-widget-laurits_core_section_title\" data-id=\"74bf3398\" data-element_type=\"widget\" data-widget_type=\"laurits_core_section_title.default\">\n\t\t\t\t<div class=\"elementor-widget-container\">\n\t\t\t<div class=\"qodef-shortcode qodef-m  qodef-section-title qodef-alignment--left  qodef-appear-animation--no \">\n\t\t\t<h2 class=\"qodef-m-title\" style=\"color: #FFFFFF;margin-top: 20px\">\n\t\t\t\t\tAbout the <em>Initiative<\/em>\t\t\t<\/h2>\n\t\t\t<div class=\"qodef-m-button\">\n\t\t\t<\/div>\n<\/div>\n\t\t<\/div>\n\t\t\t\t<\/div>\n\t\t\t\t\t<\/div>\n\t\t<\/div>\n\t\t\t\t<div class=\"elementor-column elementor-col-50 elementor-top-column elementor-element elementor-element-2dab4f73\" data-id=\"2dab4f73\" data-element_type=\"column\">\n\t\t\t<div class=\"elementor-widget-wrap elementor-element-populated\">\n\t\t\t\t\t\t\t\t<div class=\"elementor-element elementor-element-6cf05703 elementor-view-default elementor-widget elementor-widget-icon\" data-id=\"6cf05703\" data-element_type=\"widget\" data-widget_type=\"icon.default\">\n\t\t\t\t<div class=\"elementor-widget-container\">\n\t\t\t\t\t<div class=\"elementor-icon-wrapper\">\n\t\t\t<div class=\"elementor-icon\">\n\t\t\t<svg xmlns=\"http:\/\/www.w3.org\/2000\/svg\" width=\"14\" height=\"14\" viewBox=\"0 0 14 14\"><circle id=\"Ellipse_1\" data-name=\"Ellipse 1\" cx=\"7\" cy=\"7\" r=\"7\" fill=\"#e9f24f\"><\/circle><\/svg>\t\t\t<\/div>\n\t\t<\/div>\n\t\t\t\t<\/div>\n\t\t\t\t<\/div>\n\t\t\t\t<div class=\"elementor-element elementor-element-27b1f1fa elementor-widget elementor-widget-laurits_core_section_title\" data-id=\"27b1f1fa\" data-element_type=\"widget\" data-widget_type=\"laurits_core_section_title.default\">\n\t\t\t\t<div class=\"elementor-widget-container\">\n\t\t\t<div class=\"qodef-shortcode qodef-m  qodef-section-title qodef-alignment--left  qodef-appear-animation--no \">\n\t\t\t<h6 class=\"qodef-m-title\" style=\"color: #FFFFFF\">\n\t\t\t\t\tThe <em>Initiative pour l'inclusion sociale des personnes a\u00een\u00e9es: un enjeu collectif<\/em> is a project supported by the Institut sur le vieillissement et la participation sociale des a\u00een\u00e9s (IVPSA) at Universit\u00e9 Laval. The project is funded in part by the Government of Canada through Employment and Social Development Canada\u2019s (ESDC) New Horizons for Seniors Program (NHSP) and Laval University\u2019s Research Chair in Aging.\t\t\t<\/h6>\n\t\t\t<div class=\"qodef-m-button\">\n\t\t\t<\/div>\n<\/div>\n\t\t<\/div>\n\t\t\t\t<\/div>\n\t\t\t\t<div class=\"elementor-element elementor-element-6a7c0f1 ivpsa-button elementor-widget elementor-widget-laurits_core_button\" data-id=\"6a7c0f1\" data-element_type=\"widget\" data-widget_type=\"laurits_core_button.default\">\n\t\t\t\t<div class=\"elementor-widget-container\">\n\t\t\t<a class=\"qodef-shortcode qodef-m  qodef-button qodef-layout--outlined qodef-size--full qodef-html--link\" href=\"https:\/\/www.ivpsa.ulaval.ca\/linitiative\" target=\"_blank\" data-hover-color=\"#FFFFFF\" data-hover-background-color=\"#616E36\" data-hover-border-color=\"#616E36\" style=\"color: #FFFFFF;border-color: #FFFFFF;font-size: 12px;font-weight: 500;text-transform: uppercase;padding: 20px\">\n\t<span class=\"qodef-m-text\">Learn more about l\u2019initiative<\/span>\n<\/a>\n\t\t<\/div>\n\t\t\t\t<\/div>\n\t\t\t\t\t<\/div>\n\t\t<\/div>\n\t\t\t\t\t\t\t<\/div>\n\t\t<\/section>\n\t\t\t\t\t\t\t<\/div>\n\t\t","protected":false},"excerpt":{"rendered":"<p>Pr\u00e9sent.es A documentary series on the richness of intergenerational relations Fostering intergenerational relationships is one of the best ways to harness the full potential of seniors and reduce ageism. Discover inspiring stories that highlight intergenerational encounters in Quebec City. Play Photo: Elias Djemil-Matassov Episode 1 \u00b7 The choir Every Wednesday afternoon, Les voix de la [&hellip;]<\/p>\n","protected":false},"author":1,"featured_media":13915,"parent":0,"menu_order":0,"comment_status":"closed","ping_status":"closed","template":"page-full-width.php","meta":{"footnotes":""},"class_list":["post-13916","page","type-page","status-publish","has-post-thumbnail","hentry"],"yoast_head":"<!-- This site is optimized with the Yoast SEO plugin v21.3 - https:\/\/yoast.com\/wordpress\/plugins\/seo\/ -->\n<title>Home - Pr\u00e9sent.es<\/title>\n<meta name=\"robots\" content=\"index, follow, max-snippet:-1, max-image-preview:large, max-video-preview:-1\" \/>\n<link rel=\"canonical\" href=\"https:\/\/present-es.com\/en\/\" \/>\n<meta property=\"og:locale\" content=\"en_US\" \/>\n<meta property=\"og:type\" content=\"article\" \/>\n<meta property=\"og:title\" content=\"Home - Pr\u00e9sent.es\" \/>\n<meta property=\"og:description\" content=\"Pr\u00e9sent.es A documentary series on the richness of intergenerational relations Fostering intergenerational relationships is one of the best ways to harness the full potential of seniors and reduce ageism. Discover inspiring stories that highlight intergenerational encounters in Quebec City. Play Photo: Elias Djemil-Matassov Episode 1 \u00b7 The choir Every Wednesday afternoon, Les voix de la [&hellip;]\" \/>\n<meta property=\"og:url\" content=\"https:\/\/present-es.com\/en\/\" \/>\n<meta property=\"og:site_name\" content=\"Pr\u00e9sent.es\" \/>\n<meta property=\"article:publisher\" content=\"https:\/\/www.facebook.com\/IVPSAInitiative\" \/>\n<meta property=\"article:modified_time\" content=\"2022-09-30T12:26:21+00:00\" \/>\n<meta property=\"og:image\" content=\"https:\/\/present-es.com\/wp-content\/uploads\/2022\/09\/image-opengraph-ivpsa.png\" \/>\n\t<meta property=\"og:image:width\" content=\"1200\" \/>\n\t<meta property=\"og:image:height\" content=\"630\" \/>\n\t<meta property=\"og:image:type\" content=\"image\/png\" \/>\n<meta name=\"twitter:card\" content=\"summary_large_image\" \/>\n<meta name=\"twitter:label1\" content=\"Est. reading time\" \/>\n\t<meta name=\"twitter:data1\" content=\"7 minutes\" \/>\n<script type=\"application\/ld+json\" class=\"yoast-schema-graph\">{\"@context\":\"https:\/\/schema.org\",\"@graph\":[{\"@type\":\"WebPage\",\"@id\":\"https:\/\/present-es.com\/en\/\",\"url\":\"https:\/\/present-es.com\/en\/\",\"name\":\"Home - Pr\u00e9sent.es\",\"isPartOf\":{\"@id\":\"https:\/\/present-es.com\/#website\"},\"datePublished\":\"2022-09-12T17:14:23+00:00\",\"dateModified\":\"2022-09-30T12:26:21+00:00\",\"breadcrumb\":{\"@id\":\"https:\/\/present-es.com\/en\/#breadcrumb\"},\"inLanguage\":\"en-US\",\"potentialAction\":[{\"@type\":\"ReadAction\",\"target\":[\"https:\/\/present-es.com\/en\/\"]}]},{\"@type\":\"BreadcrumbList\",\"@id\":\"https:\/\/present-es.com\/en\/#breadcrumb\",\"itemListElement\":[{\"@type\":\"ListItem\",\"position\":1,\"name\":\"Home\",\"item\":\"https:\/\/present-es.com\/en\/\"},{\"@type\":\"ListItem\",\"position\":2,\"name\":\"Home\"}]},{\"@type\":\"WebSite\",\"@id\":\"https:\/\/present-es.com\/#website\",\"url\":\"https:\/\/present-es.com\/\",\"name\":\"Pr\u00e9sent.es\",\"description\":\"Institut sur le vieillissement et la participation sociale des ai\u0302ne\u0301s de l&#039;Universite\u0301 Laval\",\"publisher\":{\"@id\":\"https:\/\/present-es.com\/#organization\"},\"potentialAction\":[{\"@type\":\"SearchAction\",\"target\":{\"@type\":\"EntryPoint\",\"urlTemplate\":\"https:\/\/present-es.com\/?s={search_term_string}\"},\"query-input\":\"required name=search_term_string\"}],\"inLanguage\":\"en-US\"},{\"@type\":\"Organization\",\"@id\":\"https:\/\/present-es.com\/#organization\",\"name\":\"Pr\u00e9sent.es\",\"url\":\"https:\/\/present-es.com\/\",\"logo\":{\"@type\":\"ImageObject\",\"inLanguage\":\"en-US\",\"@id\":\"https:\/\/present-es.com\/#\/schema\/logo\/image\/\",\"url\":\"https:\/\/present-es.com\/wp-content\/uploads\/2022\/09\/logo-footer-ivpsa@2x.png\",\"contentUrl\":\"https:\/\/present-es.com\/wp-content\/uploads\/2022\/09\/logo-footer-ivpsa@2x.png\",\"width\":293,\"height\":56,\"caption\":\"Pr\u00e9sent.es\"},\"image\":{\"@id\":\"https:\/\/present-es.com\/#\/schema\/logo\/image\/\"},\"sameAs\":[\"https:\/\/www.facebook.com\/IVPSAInitiative\",\"https:\/\/www.youtube.com\/channel\/UCuYvj53S1ZObZ7-ahSeiM3A\"]}]}<\/script>\n<!-- \/ Yoast SEO plugin. -->","yoast_head_json":{"title":"Home - Pr\u00e9sent.es","robots":{"index":"index","follow":"follow","max-snippet":"max-snippet:-1","max-image-preview":"max-image-preview:large","max-video-preview":"max-video-preview:-1"},"canonical":"https:\/\/present-es.com\/en\/","og_locale":"en_US","og_type":"article","og_title":"Home - Pr\u00e9sent.es","og_description":"Pr\u00e9sent.es A documentary series on the richness of intergenerational relations Fostering intergenerational relationships is one of the best ways to harness the full potential of seniors and reduce ageism. Discover inspiring stories that highlight intergenerational encounters in Quebec City. Play Photo: Elias Djemil-Matassov Episode 1 \u00b7 The choir Every Wednesday afternoon, Les voix de la [&hellip;]","og_url":"https:\/\/present-es.com\/en\/","og_site_name":"Pr\u00e9sent.es","article_publisher":"https:\/\/www.facebook.com\/IVPSAInitiative","article_modified_time":"2022-09-30T12:26:21+00:00","og_image":[{"width":1200,"height":630,"url":"https:\/\/present-es.com\/wp-content\/uploads\/2022\/09\/image-opengraph-ivpsa.png","type":"image\/png"}],"twitter_card":"summary_large_image","twitter_misc":{"Est. reading time":"7 minutes"},"schema":{"@context":"https:\/\/schema.org","@graph":[{"@type":"WebPage","@id":"https:\/\/present-es.com\/en\/","url":"https:\/\/present-es.com\/en\/","name":"Home - Pr\u00e9sent.es","isPartOf":{"@id":"https:\/\/present-es.com\/#website"},"datePublished":"2022-09-12T17:14:23+00:00","dateModified":"2022-09-30T12:26:21+00:00","breadcrumb":{"@id":"https:\/\/present-es.com\/en\/#breadcrumb"},"inLanguage":"en-US","potentialAction":[{"@type":"ReadAction","target":["https:\/\/present-es.com\/en\/"]}]},{"@type":"BreadcrumbList","@id":"https:\/\/present-es.com\/en\/#breadcrumb","itemListElement":[{"@type":"ListItem","position":1,"name":"Home","item":"https:\/\/present-es.com\/en\/"},{"@type":"ListItem","position":2,"name":"Home"}]},{"@type":"WebSite","@id":"https:\/\/present-es.com\/#website","url":"https:\/\/present-es.com\/","name":"Pr\u00e9sent.es","description":"Institut sur le vieillissement et la participation sociale des ai\u0302ne\u0301s de l&#039;Universite\u0301 Laval","publisher":{"@id":"https:\/\/present-es.com\/#organization"},"potentialAction":[{"@type":"SearchAction","target":{"@type":"EntryPoint","urlTemplate":"https:\/\/present-es.com\/?s={search_term_string}"},"query-input":"required name=search_term_string"}],"inLanguage":"en-US"},{"@type":"Organization","@id":"https:\/\/present-es.com\/#organization","name":"Pr\u00e9sent.es","url":"https:\/\/present-es.com\/","logo":{"@type":"ImageObject","inLanguage":"en-US","@id":"https:\/\/present-es.com\/#\/schema\/logo\/image\/","url":"https:\/\/present-es.com\/wp-content\/uploads\/2022\/09\/logo-footer-ivpsa@2x.png","contentUrl":"https:\/\/present-es.com\/wp-content\/uploads\/2022\/09\/logo-footer-ivpsa@2x.png","width":293,"height":56,"caption":"Pr\u00e9sent.es"},"image":{"@id":"https:\/\/present-es.com\/#\/schema\/logo\/image\/"},"sameAs":["https:\/\/www.facebook.com\/IVPSAInitiative","https:\/\/www.youtube.com\/channel\/UCuYvj53S1ZObZ7-ahSeiM3A"]}]}},"_links":{"self":[{"href":"https:\/\/present-es.com\/en\/wp-json\/wp\/v2\/pages\/13916","targetHints":{"allow":["GET"]}}],"collection":[{"href":"https:\/\/present-es.com\/en\/wp-json\/wp\/v2\/pages"}],"about":[{"href":"https:\/\/present-es.com\/en\/wp-json\/wp\/v2\/types\/page"}],"author":[{"embeddable":true,"href":"https:\/\/present-es.com\/en\/wp-json\/wp\/v2\/users\/1"}],"replies":[{"embeddable":true,"href":"https:\/\/present-es.com\/en\/wp-json\/wp\/v2\/comments?post=13916"}],"version-history":[{"count":75,"href":"https:\/\/present-es.com\/en\/wp-json\/wp\/v2\/pages\/13916\/revisions"}],"predecessor-version":[{"id":14150,"href":"https:\/\/present-es.com\/en\/wp-json\/wp\/v2\/pages\/13916\/revisions\/14150"}],"wp:featuredmedia":[{"embeddable":true,"href":"https:\/\/present-es.com\/en\/wp-json\/wp\/v2\/media\/13915"}],"wp:attachment":[{"href":"https:\/\/present-es.com\/en\/wp-json\/wp\/v2\/media?parent=13916"}],"curies":[{"name":"wp","href":"https:\/\/api.w.org\/{rel}","templated":true}]}}